{"id":102958,"date":"2022-11-15T14:47:06","date_gmt":"2022-11-15T13:47:06","guid":{"rendered":"https:\/\/borghipiubelliditalia.it\/?post_type=dt_portfolio&#038;p=102958"},"modified":"2024-12-04T17:25:25","modified_gmt":"2024-12-04T16:25:25","slug":"castagnole-delle-lanze-2","status":"publish","type":"dt_portfolio","link":"https:\/\/borghipiubelliditalia.it\/en\/borgo\/castagnole-delle-lanze-2\/","title":{"rendered":"Castagnole delle Lanze"},"content":{"rendered":"<div class=\"wpb-content-wrapper\"><p>[vc_row type=&#8221;vc_default&#8221; bg_type=&#8221;bg_color&#8221; css=&#8221;.vc_custom_1645191936590{margin-top: -30px !important;}&#8221;][vc_column width=&#8221;2\/3&#8243;][vc_column_text css=&#8221;.vc_custom_1668519005082{border-top-width: 1px !important;border-right-width: 1px !important;border-bottom-width: 1px !important;border-left-width: 1px !important;padding-top: 20px !important;padding-right: 20px !important;padding-bottom: 20px !important;padding-left: 20px !important;background-color: #f0ede5 !important;border-left-color: #f0ede5 !important;border-left-style: solid !important;border-right-color: #f0ede5 !important;border-right-style: solid !important;border-top-color: #f0ede5 !important;border-top-style: solid !important;border-bottom-color: #f0ede5 !important;border-bottom-style: solid !important;border-radius: 5px !important;}&#8221;]<\/p>\n<h3><img loading=\"lazy\" decoding=\"async\" class=\"alignleft wp-image-102961\" src=\"https:\/\/borghipiubelliditalia.it\/wp-content\/uploads\/2022\/11\/STEMMA-castagnole-ok-300x300.jpg\" alt=\"\" width=\"70\" height=\"70\" srcset=\"https:\/\/borghipiubelliditalia.it\/wp-content\/uploads\/2022\/11\/STEMMA-castagnole-ok-300x300.jpg 300w, https:\/\/borghipiubelliditalia.it\/wp-content\/uploads\/2022\/11\/STEMMA-castagnole-ok-1024x1024.jpg 1024w, https:\/\/borghipiubelliditalia.it\/wp-content\/uploads\/2022\/11\/STEMMA-castagnole-ok-150x150.jpg 150w, https:\/\/borghipiubelliditalia.it\/wp-content\/uploads\/2022\/11\/STEMMA-castagnole-ok-768x768.jpg 768w, https:\/\/borghipiubelliditalia.it\/wp-content\/uploads\/2022\/11\/STEMMA-castagnole-ok.jpg 1441w\" sizes=\"auto, (max-width: 70px) 100vw, 70px\" \/>Castagnole delle Lanze<br \/>\n<span style=\"color: #cbb56e; font-weight: normal;\">Colori tra le colline di langa e monferrato<\/span><\/h3>\n<p>[\/vc_column_text][vc_row_inner][vc_column_inner width=&#8221;1\/3&#8243;][vc_column_text]<strong style=\"text-transform: uppercase; color: #bb1726;\">Comune di CASTAGNOLE DELLE LANZE<\/strong><br \/>\n(Provincia di Asti)<br \/>\n<strong style=\"text-transform: uppercase; color: #bb1726;\">Altitudine<\/strong><br \/>\nm. 298 s.l.m.<br \/>\n<strong style=\"text-transform: uppercase; color: #bb1726;\">Abitanti<\/strong><br \/>\n3700 (400 nel borgo)[\/vc_column_text][\/vc_column_inner][vc_column_inner width=&#8221;2\/3&#8243;][vc_column_text css=&#8221;&#8221;]<strong style=\"text-transform: uppercase; color: #bb1726;\">patrono<\/strong><\/p>\n<p>San Bartolomeo, 24 agosto (nel borgo San Pietro, 29 giugno)<\/p>\n<p><strong style=\"text-transform: uppercase; color: #bb1726;\">info turismo<\/strong><\/p>\n<p>Ufficio Informazioni Turistiche<\/p>\n<p>Piazza Marconi 13, tel. 331 266 5702<\/p>\n<div>\n<div><a href=\"mailto:ufficioturistico@castagnoledellelanze.net\" target=\"_blank\" rel=\"noopener\">ufficioturistico@castagnoledellelanze.net<\/a><\/div>\n<div><\/div>\n<div><a href=\"https:\/\/www.comune.castagnoledellelanze.at.it\/\" target=\"_blank\" rel=\"noopener noreferrer\">https:\/\/www.comune.castagnoledellelanze.at.it\/<\/a><\/div>\n<\/div>\n<p>[\/vc_column_text][\/vc_column_inner][\/vc_row_inner][\/vc_column][vc_column width=&#8221;1\/3&#8243;][vc_raw_html]PGlmcmFtZSBzcmM9Imh0dHBzOi8vd3d3Lmdvb2dsZS5jb20vbWFwcy9lbWJlZD9wYj0hMW0xOCExbTEyITFtMyExZDI4MzMuMjY2MjcwMzI1ODc0MyEyZDguMTQ2ODk5MzE1NTMzODQyITNkNDQuNzU0OTg0MDc5MDk4OTYhMm0zITFmMCEyZjAhM2YwITNtMiExaTEwMjQhMmk3NjghNGYxMy4xITNtMyExbTIhMXMweDQ3ODc4YjJkNzQwOTliMDclM0EweDExODQ3MWJkYWNjYjU2NWQhMnNWaWElMjBSdXNjb25lJTJDJTIwOSUyQyUyMDE0MDU0JTIwQ2FzdGFnbm9sZSUyMGRlbGxlJTIwTGFuemUlMjBBVCE1ZTAhM20yITFzaXQhMnNpdCE0djE2Njg1MTkyNTc2ODUhNW0yITFzaXQhMnNpdCIgd2lkdGg9IjYwMCIgaGVpZ2h0PSI0NTAiIHN0eWxlPSJib3JkZXI6MDsiIGFsbG93ZnVsbHNjcmVlbj0iIiBsb2FkaW5nPSJsYXp5IiByZWZlcnJlcnBvbGljeT0ibm8tcmVmZXJyZXItd2hlbi1kb3duZ3JhZGUiPjwvaWZyYW1lPg==[\/vc_raw_html][\/vc_column][\/vc_row][vc_row type=&#8221;vc_default&#8221; css=&#8221;.vc_custom_1645192456068{margin-top: -20px !important;}&#8221;][vc_column css=&#8221;.vc_custom_1480521588404{padding-top: 15px !important;}&#8221;]<div class=\"dt-fancy-separator h4-size style-double\" style=\"width: 100%;\"><div class=\"dt-fancy-title bg-on\" style=\"color: #ffffff;background-color: #bb1727;\"><span class=\"separator-holder separator-left\" style=\"border-color: #bb1727;\"><\/span>Lo spirito del luogo<span class=\"separator-holder separator-right\" style=\"border-color: #bb1727;\"><\/span><\/div><\/div>[vc_empty_space][vc_tta_tour style=&#8221;modern&#8221; shape=&#8221;square&#8221; color=&#8221;white&#8221; spacing=&#8221;10&#8243; active_section=&#8221;1&#8243; no_fill_content_area=&#8221;true&#8221; css=&#8221;.vc_custom_1480590393278{border-top-width: 4px !important;border-right-width: 4px !important;border-bottom-width: 4px !important;border-left-width: 4px !important;padding-top: 20px !important;padding-right: 20px !important;padding-bottom: 20px !important;padding-left: 20px !important;border-left-color: #f5f2eb !important;border-left-style: solid !important;border-right-color: #f5f2eb !important;border-right-style: solid !important;border-top-color: #f5f2eb !important;border-top-style: solid !important;border-bottom-color: #f5f2eb !important;border-bottom-style: solid !important;border-radius: 4px !important;}&#8221;][vc_tta_section title=&#8221;Gallery&#8221; tab_id=&#8221;1483439233392-93f02a55-763a&#8221;][vc_row_inner disable_element=&#8221;yes&#8221;][vc_column_inner][\/vc_column_inner][\/vc_row_inner][vc_column_text]<div id='wpcp-352a76a0b20785ffeb1d4aca3fbb111c' class='wpcp-container'><div id='OutoftheBox' class=' gallery  wpcp-has-scroll-to-top' data-module-id='wpcp-352a76a0b20785ffeb1d4aca3fbb111c' style='display:none'><noscript><div class='OutoftheBox-nojsmessage'>To view this content, you need to have JavaScript enabled in your browser.<br\/><a href='http:\/\/www.enable-javascript.com\/' target='_blank'>To do so, please follow these instructions<\/a>.<\/div><\/noscript><div class='wpcp-module OutoftheBox wpcp-gallery jsdisabled'  id='OutoftheBox-352a76a0b20785ffeb1d4aca3fbb111c' data-token='352a76a0b20785ffeb1d4aca3fbb111c' data-account-id='dbid:AACNAY9swpVRDCDhhZmjIeLK1zcKNiQeGa0' data-org-id='' data-path='' data-org-path='%2F' data-source='459693193dfeac95696db359816b3465' data-sort='name:asc' data-list='gallery' data-query='' data-lightboxnav='1' data-lightboxthumbs='1' data-lightboxopen='0' data-targetheight='250' data-slideshow='0' data-pausetime='5000' data-showfilenames='0'><div class=\"wpcp-browser-container wpcp-no-tree wpcp-browser--init\" style=\"width:100%;max-width:100%;\">\r\n    <div class=\"wpcp-browser-container-tree\" data-show-tree='0'>\r\n        <div class=\"nav-header\">\r\n            <a class=\"nav-tree-toggle entry-info-button\" tabindex=\"0\" title=\"Display folder tree\">\r\n                <i class=\"eva eva-arrowhead-left-outline\"><\/i>\r\n            <\/a>\r\n        <\/div>\r\n        <div class=\"wpcp-browser-tree\"><\/div>\r\n    <\/div>\r\n    <div class=\"wpcp-browser-container-content\">\r\n        <div class=\"nav-header  nav-header-onhover\">\r\n            <a class=\"nav-sort entry-info-button\" title=\"Sort options\">\r\n                <i class=\"eva eva-options\"><\/i>\r\n            <\/a>\r\n            <div class=\"tippy-content-holder sort-div\">\r\n                <ul class='nav-sorting-list'>\r\n                    <li><a class=\"nav-sorting-field nav-name sort-selected\" data-field=\"name\" title=\"Name\">\r\n                            Name                        <\/a>\r\n                    <\/li>\r\n                    <li><a class=\"nav-sorting-field nav-size \" data-field=\"size\" title=\"Size\">\r\n                            Size                        <\/a>\r\n                    <\/li>\r\n                    <li><a class=\"nav-sorting-field nav-modified \" data-field=\"modified\" title=\"Modified\">\r\n                            Modified                        <\/a>\r\n                    <\/li>\r\n                    <li class=\"list-separator\">&nbsp;<\/li>\r\n                    <li><a class=\"nav-sorting-order nav-asc sort-selected\" data-order=\"asc\" title=\"Ascending\">\r\n                            Ascending                        <\/a>\r\n                    <\/li>\r\n                    <li><a class=\"nav-sorting-order nav-desc \" data-order=\"desc\" title=\"Descending\">\r\n                            Descending                        <\/a>\r\n                    <\/li>\r\n                <\/ul>\r\n            <\/div>\r\n\r\n            <a class=\"nav-gear entry-info-button\" title=\"More actions\">\r\n                <i class=\"eva eva-more-vertical-outline\"><\/i>\r\n            <\/a>\r\n            <div class=\"tippy-content-holder gear-div\" data-token=\"352a76a0b20785ffeb1d4aca3fbb111c\">\r\n                <ul>\r\n                                        <li class='gear-menu-no-options' style=\"display: none\"><a><i class='eva eva-info-outline eva-lg '><\/i>No options...<\/a><\/li>\r\n                <\/ul>\r\n            <\/div>\r\n                        <a class=\"nav-refresh entry-info-button\" title=\"Refresh\">\r\n                <i class=\"eva eva-sync\"><\/i>\r\n            <\/a>\r\n                    <\/div>        <div class=\"wpcp-container-content\">\r\n            <div class=\"loading initialize\">                <svg class=\"loader-spinner\" viewBox=\"25 25 50 50\">\r\n                    <circle class=\"path\" cx=\"50\" cy=\"50\" r=\"20\" fill=\"none\" stroke-width=\"3\" stroke-miterlimit=\"10\"><\/circle>\r\n                <\/svg>\r\n                            <\/div>\r\n            <div class=\"ajax-filelist\" style=\"\">\r\n                <div class='images image-collage'>\r\n                    \r\n<div class=\"image-container entry\">\r\n    <a>\r\n        <img loading=\"lazy\" decoding=\"async\" class=\"skeleton skeleton-gallery-img\" alt=\"\" src=\"data:image\/png;base64,iVBORw0KGgoAAAANSUhEUgAAAAEAAAABCAYAAAAfFcSJAAAAC0lEQVQYV2NgAAIAAAUAAarVyFEAAAAASUVORK5CYII=\" width=\"333\" height=\"250\" style=\"width:333px !important;height:250px !important; \">\r\n    <\/a>\r\n<\/div>\r\n\r\n<div class=\"image-container entry\">\r\n    <a>\r\n        <img loading=\"lazy\" decoding=\"async\" class=\"skeleton skeleton-gallery-img\" alt=\"\" src=\"data:image\/png;base64,iVBORw0KGgoAAAANSUhEUgAAAAEAAAABCAYAAAAfFcSJAAAAC0lEQVQYV2NgAAIAAAUAAarVyFEAAAAASUVORK5CYII=\" width=\"141\" height=\"250\" style=\"width:141px !important;height:250px !important; \">\r\n    <\/a>\r\n<\/div>\r\n\r\n<div class=\"image-container entry\">\r\n    <a>\r\n        <img loading=\"lazy\" decoding=\"async\" class=\"skeleton skeleton-gallery-img\" alt=\"\" src=\"data:image\/png;base64,iVBORw0KGgoAAAANSUhEUgAAAAEAAAABCAYAAAAfFcSJAAAAC0lEQVQYV2NgAAIAAAUAAarVyFEAAAAASUVORK5CYII=\" width=\"250\" height=\"250\" style=\"width:250px !important;height:250px !important; \">\r\n    <\/a>\r\n<\/div>\r\n\r\n<div class=\"image-container entry\">\r\n    <a>\r\n        <img loading=\"lazy\" decoding=\"async\" class=\"skeleton skeleton-gallery-img\" alt=\"\" src=\"data:image\/png;base64,iVBORw0KGgoAAAANSUhEUgAAAAEAAAABCAYAAAAfFcSJAAAAC0lEQVQYV2NgAAIAAAUAAarVyFEAAAAASUVORK5CYII=\" width=\"141\" height=\"250\" style=\"width:141px !important;height:250px !important; \">\r\n    <\/a>\r\n<\/div>\r\n\r\n<div class=\"image-container entry\">\r\n    <a>\r\n        <img loading=\"lazy\" decoding=\"async\" class=\"skeleton skeleton-gallery-img\" alt=\"\" src=\"data:image\/png;base64,iVBORw0KGgoAAAANSUhEUgAAAAEAAAABCAYAAAAfFcSJAAAAC0lEQVQYV2NgAAIAAAUAAarVyFEAAAAASUVORK5CYII=\" width=\"250\" height=\"250\" style=\"width:250px !important;height:250px !important; \">\r\n    <\/a>\r\n<\/div>\r\n                <\/div>\r\n            <\/div>\r\n            <div class=\"scroll-to-top\">\r\n                <button class=\"scroll-to-top-action button button-round-icon secondary button-round-icon-lg button-shadow-3\" type=\"button\" title=\"Scroll to top\" aria-expanded=\"false\"><i class=\"eva eva-arrow-upward-outline eva-2x\"><\/i><\/button>\r\n                            <\/div>\r\n        <\/div>\r\n    <\/div>\r\n<\/div>\r\n<style>\r\n<\/style><\/div><\/div><div class='wpcp-module-script'><script type='text\/javascript'>if (typeof(jQuery) !== 'undefined' && typeof(jQuery.cp) !== 'undefined' && typeof(jQuery.cp.OutoftheBox) === 'function') { jQuery('#OutoftheBox-352a76a0b20785ffeb1d4aca3fbb111c').OutoftheBox(OutoftheBox_vars); };<\/script><\/div><\/div>\n<p>[\/vc_column_text][vc_column_text][\/vc_column_text][\/vc_tta_section][vc_tta_section title=&#8221;Il Nome e la Storia&#8221; tab_id=&#8221;1480496816106-48a7f6ef-54ab&#8221;][vc_column_text]<\/p>\n<p data-wp-editing=\"1\"><img loading=\"lazy\" decoding=\"async\" class=\"wp-image-102961 size-medium alignleft\" style=\"border: 1px solid #ededed;\" src=\"https:\/\/borghipiubelliditalia.it\/wp-content\/uploads\/2022\/11\/STEMMA-castagnole-ok-300x300.jpg\" alt=\"\" width=\"300\" height=\"300\" srcset=\"https:\/\/borghipiubelliditalia.it\/wp-content\/uploads\/2022\/11\/STEMMA-castagnole-ok-300x300.jpg 300w, https:\/\/borghipiubelliditalia.it\/wp-content\/uploads\/2022\/11\/STEMMA-castagnole-ok-1024x1024.jpg 1024w, https:\/\/borghipiubelliditalia.it\/wp-content\/uploads\/2022\/11\/STEMMA-castagnole-ok-150x150.jpg 150w, https:\/\/borghipiubelliditalia.it\/wp-content\/uploads\/2022\/11\/STEMMA-castagnole-ok-768x768.jpg 768w, https:\/\/borghipiubelliditalia.it\/wp-content\/uploads\/2022\/11\/STEMMA-castagnole-ok.jpg 1441w\" sizes=\"auto, (max-width: 300px) 100vw, 300px\" \/><strong>Il nome<\/strong><\/p>\n<p>Il nome di Castagnole delle Lanze \u00e8 composto da due parti: la prima deriva dal nome latino \u201ccastinea\u201d, con il significato di \u201cpiccola castagna\u201d; la seconda dal nome della nobile famiglia dei Lancia che ne ebbe in possesso i territori tra il 1190 e il 1206.<\/p>\n<p><strong>La storia<\/strong><\/p>\n<p>Posta tra le colline di Langhe e Monferrato, in provincia di Asti e a pochi chilometri dalla citt\u00e0 di Alba, Castagnole delle Lanze \u00e8 divisa in due aree urbanisticamente distinte: il centro storico, situato nel borgo collinare di San Pietro, e il borgo nuovo (paese basso). Sorta su una diramazione della Via Emilia, che collegava Acqui a Pollenzo (Pollentia), nel Medioevo le carte del Codex Astensis collocano Castagnole tra le terre appartenenti ai Conti di Loreto. Dal XIII secolo entr\u00f2 a far parte dei domini del Comune di Asti, seguendone poi per sempre la storia, le vicissitudini e la dipendenza politica. Nel 1573 il territorio pass\u00f2 a Emanuele Filiberto di Savoia e da quel momento il Comune viene assoggettato a due signorie: da un lato il feudo degli Asinari e dall&#8217;altro la signoria della famiglia di Catalano Alfieri, signore di Magliano e di Castagnole. Dal 1850 il Comune segu\u00ec i destini di casa Savoia e poi del Regno d&#8217;Italia. A partire dalla fine dell&#8217;800 Castagnole vide un grande sviluppo dell&#8217;industria vitivinicola, con l&#8217;apertura di diverse aziende che ben presto diventarono leader nella produzione di vermouth e spumanti.[\/vc_column_text][\/vc_tta_section][vc_tta_section title=&#8221;ll Genius Loci&#8221; tab_id=&#8221;1646333526889-9636381a-3eec&#8221;][vc_column_text]Dolci colline pettinate di filari, vigneti che d\u2019autunno si tingono di colori dorati e i pregiati vini del territorio tra Langa e Monferrato sono i pi\u00f9 preziosi gioielli che Castagnole delle Lanze, come uno scrigno pieno di tesori, mostra ai suoi visitatori. Profumi e sapori racchiudono ed esprimono il lavoro che per l\u2019intero anno scandisce la vita tra i vigneti, che circondano con la loro maestosa bellezza il borgo castagnolese. Qui, tra stradine pavimentate in ciottoli di fiume, palazzi storici e la torre panoramica immersa nel verde del parco comunale, si respirano arte e storia, in un racconto delle tradizioni locali che si arricchisce passo dopo passo. Il pallone elastico, il festival della canzone d\u2019impegno, i murales e i portici con le volte \u201ccolor del vino\u201d che raccontano il paesaggio attraverso le pennellate degli artisti castagnolesi, gli edifici storici, dalla chiesa parrocchiale in stile barocco ligure-piemontese alla Torre che il Conte Ballada di Saint Robert fece costruire nell\u2019800: nel borgo di Castagnole Lanze un museo a cielo aperto tutto da scoprire che stupir\u00e0 il visitatore ad ogni scorcio che si apre su graziosi angoli fioriti, espressioni artistiche e panorami mozzafiato a 360 gradi sulle colline fino alla catena delle Alpi.[\/vc_column_text][\/vc_tta_section][vc_tta_section title=&#8221;Da vedere&#8221; tab_id=&#8221;1668519351712-440b23e4-3efe&#8221;][vc_column_text]Tra i punti di interesse, la <strong>chiesa parrocchiale di San Pietro in Vincoli<\/strong>, eretta nel 1681 in stile barocco ligure-piemontese; la <strong>chiesa della Confraternita dei Battuti<\/strong> Bianchi, eretta nel 1668, ora interrotta al culto e sottoposta a recente significativo restauro a cura dell\u2019amministrazione comunale e sede di eventi culturali, mostre artistiche, concerti, spettacoli teatrali e conferenze; la <strong>Torre del Parco della Rimembranza<\/strong> che il Conte Paolo Ballada di Saint Robert, scienziato ed eclettica figura dell\u2019800 che soggiorn\u00f2 a Castagnole Lanze, fece costruire come punto di osservazione per i suoi studi astronomici.<\/p>\n<p>Lungo via Ener Bettica,<strong> i portici colorati<\/strong> che riproducono i colori della natura, delle stagioni, della vite e del vino, opera dell\u2019artista castagnolese Vincenzo Piccatto. E nelle borgate castagnolesi le numerose<strong> cappelle campestri<\/strong>: San Nicolao, San Defendente, Carossi, Annunziata e San Grato.[\/vc_column_text][\/vc_tta_section][vc_tta_section title=&#8221;Video&#8221; tab_id=&#8221;1480496849637-2df5f493-2f06&#8243;][vc_single_image image=&#8221;1021&#8243; img_size=&#8221;full&#8221; alignment=&#8221;center&#8221; onclick=&#8221;custom_link&#8221; img_link_target=&#8221;_blank&#8221; link=&#8221;https:\/\/www.youtube.com\/channel\/UCNvGQWW3WSHqSG7WedJOyWw&#8221;][\/vc_tta_section][\/vc_tta_tour][\/vc_column][\/vc_row][vc_row type=&#8221;vc_default&#8221;][vc_column css=&#8221;.vc_custom_1480520737710{padding-top: 15px !important;}&#8221;]<div class=\"dt-fancy-separator h4-size style-double\" style=\"width: 100%;\"><div class=\"dt-fancy-title bg-on\" style=\"color: #ffffff;background-color: #bb1727;\"><span class=\"separator-holder separator-left\" style=\"border-color: #bb1727;\"><\/span>Piaceri e Sapori<span class=\"separator-holder separator-right\" style=\"border-color: #bb1727;\"><\/span><\/div><\/div>[vc_empty_space][vc_tta_tour style=&#8221;modern&#8221; shape=&#8221;square&#8221; color=&#8221;white&#8221; spacing=&#8221;10&#8243; active_section=&#8221;1&#8243; no_fill_content_area=&#8221;true&#8221; css=&#8221;.vc_custom_1480589521896{padding: 20px !important;border: 4px solid #f5f2eb !important;border-radius: 4px !important;}&#8221;][vc_tta_section title=&#8221;Divertimenti&#8221; tab_id=&#8221;1645194274360-85b5724c-02ba&#8221;][vc_column_text]<strong>Il Centro sportivo comunale \u201cR. Ceretto<\/strong>\u201d offre ai giovani atleti di Castagnole e dei paesi limitrofi la possibilit\u00e0 di coltivare le loro passioni sportive coordinate dalla Associazione Polisportiva: dal calcio al tennis, dalla pallavolo al beach volley, al padel. Vengono organizzati anche corsi di ballo e pattinaggio, con il contributo di numerosi volontari. La gestione del bar e dei locali annessi bene si integra con l\u2019attivit\u00e0 del Centro sportivo.<\/p>\n<p><strong>Lo sferisterio comunale \u201cR. Gianuzzi\u201d<\/strong> inaugurato nel 2014 ospita competizioni delle diverse categorie A, C1, C2 di pallapugno. Accanto a campioni dello sport particolarmente conosciuto e praticato in Piemonte e Liguria, come il castagnolese Michele Avidano, l\u2019impianto ha ospitato tornei con campioni attuali quali Massimo Vacchetto.[\/vc_column_text][\/vc_tta_section][vc_tta_section title=&#8221;Musei e Gallerie&#8221; tab_id=&#8221;1480500702420-dade69c2-e106&#8243;][vc_column_text]Tra i personaggi che hanno segnato la storia del paese, il Conte Paolo Ballada di Saint Robert, studioso appassionato ed esperto di varie scienze, quali balistica, artiglieria, meccanica, ipsometria, termodinamica, alpinismo, botanica, entomologia e soprattutto l\u2019astronomia, che lo spinse alla costruzione della Torre, verso il 1880, quale osservatorio per l\u2019ottima posizione all\u2019interno del Parco da lui voluto. Un percorso museale all\u2019interno del parco accompagna i visitatori alla torre, che custodisce il museo a lui dedicato. Dalla sommit\u00e0 della torre \u00e8 inoltre possibile osservare l\u2019intero paese di Castagnole, mentre lo sguardo si allunga sulle colline tutt\u2019intorno fino alla catena delle Alpi.[\/vc_column_text][\/vc_tta_section][vc_tta_section title=&#8221;Eventi&#8221; tab_id=&#8221;1480500702826-17a77763-9d13&#8243;][vc_column_text]La <strong>Festa della Barbera<\/strong> si svolge nel primo fine settimana del mese di maggio ed \u00e8 giunta alla 43esima edizione: nei cortili del centro storico si gustano i piatti della tradizione locale e piemontese abbinati al vino dei produttori di Castagnole.<\/p>\n<p>&nbsp;<\/p>\n<p>La <strong>Fiera della Nocciola \u00e8 <\/strong>celebrata l\u2019ultimo luned\u00ec di agosto. \u00c8 famosa per essere la pi\u00f9 longeva d\u2019Italia (163 edizioni) e luogo dove storicamente viene \u201cbattuto\u201d il primo prezzo di riferimento dell\u2019annata produttiva della nocciola.<\/p>\n<p>&nbsp;<\/p>\n<p>Di particolare interesse l\u2019iniziativa \u201cA<strong>dotta un filare nelle Lanze\u201d<\/strong>, progetto legato alla promozione del territorio, organizzato e gestito dall\u2019amministrazione comunale, nato nel 2010: consente agli amanti del vino Barbera e del territorio di \u201cadottare\u201d una porzione di filare da cui viene prodotto il vino che viene consegnato agli adottati.[\/vc_column_text][\/vc_tta_section][vc_tta_section title=&#8221;Il piatto del Borgo&#8221; tab_id=&#8221;1480500703040-c930b84b-98b9&#8243;][vc_column_text]<strong>Risotto al Barbera<\/strong>: realizzato (con ricetta segreta) nelle varie manifestazioni in particolare dall\u2019Associazione Gemellaggi<\/p>\n<p>&nbsp;<\/p>\n<p><strong>Scaramella: <\/strong>taglio di carne ricavato dal torace del manzo, vitello o vitellone, molto versatile in cucina e quindi cucinato in diversi modi per ricette che prevedono cotture lente.[\/vc_column_text][\/vc_tta_section][vc_tta_section title=&#8221;Il prodotto del Borgo&#8221; tab_id=&#8221;1668519499745-aaead100-dee7&#8243;][vc_column_text]Vino Barbera, Vino Moscato e Nocciola \u201cTonda Gentile delle Langhe\u201d[\/vc_column_text][\/vc_tta_section][\/vc_tta_tour][\/vc_column][\/vc_row][vc_row type=&#8221;vc_default&#8221; disable_element=&#8221;yes&#8221; css=&#8221;.vc_custom_1532437193789{margin-bottom: -50px !important;padding-bottom: 0px !important;}&#8221;][vc_column css=&#8221;.vc_custom_1483527179663{margin-bottom: 0px !important;}&#8221;][vc_empty_space height=&#8221;24px&#8221;][vc_widget_sidebar show_bg=&#8221;false&#8221; sidebar_id=&#8221;sidebar_4&#8243;][\/vc_column][\/vc_row][vc_row type=&#8221;vc_default&#8221; disable_element=&#8221;yes&#8221;][vc_column][vc_text_separator title=&#8221;Ristorazione&#8221; i_type=&#8221;linecons&#8221; i_icon_linecons=&#8221;vc_li vc_li-food&#8221; i_color=&#8221;custom&#8221; color=&#8221;custom&#8221; border_width=&#8221;4&#8243; add_icon=&#8221;true&#8221; i_custom_color=&#8221;#bb1726&#8243; accent_color=&#8221;#f5f2eb&#8221;][vc_row_inner disable_element=&#8221;yes&#8221;][vc_column_inner width=&#8221;1\/6&#8243;][vc_single_image image=&#8221;30654&#8243; img_size=&#8221;full&#8221; style=&#8221;vc_box_rounded&#8221;][\/vc_column_inner][vc_column_inner width=&#8221;1\/2&#8243;][vc_column_text css=&#8221;.vc_custom_1561631385311{border-top-width: 1px !important;border-right-width: 1px !important;border-bottom-width: 1px !important;border-left-width: 1px !important;padding-top: 4px !important;padding-bottom: 4px !important;padding-left: 20px !important;background-color: #f5f2eb !important;border-left-color: #f5f2eb !important;border-left-style: solid !important;border-right-color: #f5f2eb !important;border-right-style: solid !important;border-top-color: #f5f2eb !important;border-top-style: solid !important;border-bottom-color: #f5f2eb !important;border-bottom-style: solid !important;border-radius: 4px !important;}&#8221;]<\/p>\n<h4 style=\"text-align: left;\"><span style=\"color: #bb1726;\">Ristorante \u2013 Albergo<br \/>\n\u201cBellavista\u201d da Pupetta<\/span><\/h4>\n<p>[\/vc_column_text][vc_column_text]Da 75 anni la conduzione familiare e l\u2019amore per la tradizione garantiscono piatti genuini con prodotti a km 0 tra i quali il fagiolo cannellino di Atina DOP e il Cabernet di Atina DOC. La struttura \u00e8 situata sul belvedere che affaccia sulla Valle di Comino, a pochi passi dalla location che ospita AtinaJazz Festival e nei pressi del Centro Ippico, uno dei pi\u00f9 attrezzati del Centro Sud.[\/vc_column_text][\/vc_column_inner][vc_column_inner width=&#8221;2\/6&#8243;][vc_column_text css=&#8221;.vc_custom_1561631462987{border-top-width: 1px !important;border-right-width: 1px !important;border-bottom-width: 1px !important;border-left-width: 1px !important;padding-top: 20px !important;padding-right: 20px !important;padding-bottom: 20px !important;padding-left: 20px !important;border-left-color: #ebebeb !important;border-left-style: solid !important;border-right-color: #ebebeb !important;border-right-style: solid !important;border-top-color: #ebebeb !important;border-top-style: solid !important;border-bottom-color: #ebebeb !important;border-bottom-style: solid !important;border-radius: 5px !important;}&#8221;]<i class=\"fa fa-map-signs\"><\/i>\u00a0 Via A.Vecchione, 18<br \/>\n<i class=\"fa fa-phone\"><\/i>\u00a0 +39 0776 609 123<br \/>\n<i class=\"fa fa-mobile\"><\/i>\u00a0 +39 334 3867110<br \/>\n<i class=\"fa fa-envelope\"><\/i>\u00a0 dapupetta@gmail.com[\/vc_column_text][\/vc_column_inner][\/vc_row_inner][vc_row_inner][vc_column_inner width=&#8221;1\/6&#8243;][vc_single_image image=&#8221;94732&#8243; img_size=&#8221;full&#8221; style=&#8221;vc_box_rounded&#8221;][\/vc_column_inner][vc_column_inner width=&#8221;1\/2&#8243;][vc_column_text css=&#8221;.vc_custom_1618329135156{border-top-width: 1px !important;border-right-width: 1px !important;border-bottom-width: 1px !important;border-left-width: 1px !important;padding-top: 4px !important;padding-bottom: 4px !important;padding-left: 20px !important;background-color: #f5f2eb !important;border-left-color: #f5f2eb !important;border-left-style: solid !important;border-right-color: #f5f2eb !important;border-right-style: solid !important;border-top-color: #f5f2eb !important;border-top-style: solid !important;border-bottom-color: #f5f2eb !important;border-bottom-style: solid !important;border-radius: 4px !important;}&#8221;]<\/p>\n<h4 style=\"text-align: left;\"><span style=\"color: #bb1726;\">Pizzeria del Porto<\/span><\/h4>\n<p>[\/vc_column_text][vc_column_text]Il posto giusto dove mangiare la vera tiella di Gaeta, in tante farciture dai sopori di terra e di mare, e imparare a prepararla con le eclettiche lezioni di cucina del Maestro Carlo Avallone.[\/vc_column_text][\/vc_column_inner][vc_column_inner width=&#8221;2\/6&#8243;][vc_column_text css=&#8221;.vc_custom_1618329545501{border-top-width: 1px !important;border-right-width: 1px !important;border-bottom-width: 1px !important;border-left-width: 1px !important;padding-top: 20px !important;padding-right: 20px !important;padding-bottom: 20px !important;padding-left: 20px !important;border-left-color: #ebebeb !important;border-left-style: solid !important;border-right-color: #ebebeb !important;border-right-style: solid !important;border-top-color: #ebebeb !important;border-top-style: solid !important;border-bottom-color: #ebebeb !important;border-bottom-style: solid !important;border-radius: 5px !important;}&#8221;]<i class=\"fa fa-map-signs\"><\/i>\u00a0 Via Bausan, 40<br \/>\n<i class=\"fa fa-phone\"><\/i>\u00a0 +39 0771 461761<br \/>\n<i class=\"fa fa-mobile\"><\/i>\u00a0 +39 338 4332175<br \/>\n<i class=\"fa fa-envelope\"><\/i>\u00a0 pizzeriadelporto@alice.it<br \/>\n<i class=\"fa fa-desktop\"><\/i><a href=\"http:\/\/www.pizzeriadelporto.com\"><em> <strong>www.pizzeriadelporto.com<\/strong><\/em><\/a>[\/vc_column_text][\/vc_column_inner][\/vc_row_inner][\/vc_column][\/vc_row][vc_row type=&#8221;vc_default&#8221; disable_element=&#8221;yes&#8221;][vc_column][vc_text_separator title=&#8221;Ospitalit\u00e0&#8221; i_icon_fontawesome=&#8221;fa fa-bed&#8221; i_color=&#8221;custom&#8221; color=&#8221;custom&#8221; border_width=&#8221;4&#8243; add_icon=&#8221;true&#8221; i_custom_color=&#8221;#bb1726&#8243; accent_color=&#8221;#f5f2eb&#8221;][vc_row_inner][vc_column_inner width=&#8221;1\/6&#8243;][vc_single_image image=&#8221;94734&#8243; img_size=&#8221;full&#8221; style=&#8221;vc_box_rounded&#8221;][\/vc_column_inner][vc_column_inner width=&#8221;1\/2&#8243;][vc_column_text css=&#8221;.vc_custom_1618329763343{border-top-width: 1px !important;border-right-width: 1px !important;border-bottom-width: 1px !important;border-left-width: 1px !important;padding-left: 20px !important;background-color: #f5f2eb !important;border-left-color: #f5f2eb !important;border-left-style: solid !important;border-right-color: #f5f2eb !important;border-right-style: solid !important;border-top-color: #f5f2eb !important;border-top-style: solid !important;border-bottom-color: #f5f2eb !important;border-bottom-style: solid !important;border-radius: 4px !important;}&#8221;]<\/p>\n<h4 style=\"text-align: left;\"><span style=\"color: #bb1726;\">B&amp;B Tra Cielo e Mare<\/span><\/h4>\n<p>[\/vc_column_text][vc_column_text]Con vista meravigliosa sul golfo di Gaeta, in pieno centro medioevale e a pochi passi dal mare. Vicino a tutte le altre attrazioni del golfo, la struttura \u00e8 l\u2019ideale per coppie in cerca di romanticismo.[\/vc_column_text][\/vc_column_inner][vc_column_inner width=&#8221;2\/6&#8243;][vc_column_text css=&#8221;.vc_custom_1618329722767{border-top-width: 1px !important;border-right-width: 1px !important;border-bottom-width: 1px !important;border-left-width: 1px !important;padding-top: 20px !important;padding-right: 20px !important;padding-bottom: 20px !important;padding-left: 20px !important;border-left-color: #ebebeb !important;border-left-style: solid !important;border-right-color: #ebebeb !important;border-right-style: solid !important;border-top-color: #ebebeb !important;border-top-style: solid !important;border-bottom-color: #ebebeb !important;border-bottom-style: solid !important;border-radius: 5px !important;}&#8221;]<i class=\"fa fa-map-signs\"><\/i>\u00a0 Via Piave, 16<br \/>\n<i class=\"fa fa-mobile\"><\/i>\u00a0 +39 347 9228569<br \/>\n<i class=\"fa fa-envelope\"><\/i>\u00a0<a href=\"mailto:tracieloemaregaeta@gmail.com\"><i class=\"fa fa-mail\"><\/i> tracieloemaregaeta@gmail.com<\/a>[\/vc_column_text][\/vc_column_inner][\/vc_row_inner][\/vc_column][\/vc_row][vc_row type=&#8221;vc_default&#8221; disable_element=&#8221;yes&#8221;][vc_column][vc_text_separator title=&#8221;Acquisti&#8221; i_icon_fontawesome=&#8221;fa fa-gift&#8221; i_color=&#8221;custom&#8221; color=&#8221;custom&#8221; border_width=&#8221;4&#8243; add_icon=&#8221;true&#8221; i_custom_color=&#8221;#bb1726&#8243; accent_color=&#8221;#f5f2eb&#8221;][vc_row_inner][vc_column_inner width=&#8221;1\/6&#8243;][vc_single_image image=&#8221;337&#8243; img_size=&#8221;full&#8221; style=&#8221;vc_box_rounded&#8221;][vc_btn][\/vc_column_inner][vc_column_inner width=&#8221;1\/2&#8243;][vc_column_text css=&#8221;.vc_custom_1480588249836{border-top-width: 1px !important;border-right-width: 1px !important;border-bottom-width: 1px !important;border-left-width: 1px !important;padding-left: 20px !important;background-color: #f5f2eb !important;border-left-color: #f5f2eb !important;border-left-style: solid !important;border-right-color: #f5f2eb !important;border-right-style: solid !important;border-top-color: #f5f2eb !important;border-top-style: solid !important;border-bottom-color: #f5f2eb !important;border-bottom-style: solid !important;border-radius: 4px !important;}&#8221;]<\/p>\n<h4 style=\"text-align: left;\"><span style=\"color: #bb1726;\">La bottega delle belle statuine<\/span><\/h4>\n<p>[\/vc_column_text][vc_column_text]Nei pressi de La Petra Tonna si trova l&#8217;ex mulino di Pacentro dove da anni Ferdinando De Angelis esercita l\u00b4antica arte dello scalpellino, che in Abruzzo ha prodotto nei secoli i capolavori che si possono ammirare.[\/vc_column_text][\/vc_column_inner][vc_column_inner width=&#8221;2\/6&#8243;][vc_column_text css=&#8221;.vc_custom_1480592945068{border-top-width: 1px !important;border-right-width: 1px !important;border-bottom-width: 1px !important;border-left-width: 1px !important;padding-top: 20px !important;padding-right: 20px !important;padding-bottom: 20px !important;padding-left: 20px !important;border-left-color: #ebebeb !important;border-left-style: solid !important;border-right-color: #ebebeb !important;border-right-style: solid !important;border-top-color: #ebebeb !important;border-top-style: solid !important;border-bottom-color: #ebebeb !important;border-bottom-style: solid !important;border-radius: 5px !important;}&#8221;]<i class=\"fa fa-map-signs\"><\/i>\u00a0 Piazza Umberto I, Pacentro (AQ)<br \/>\n<i class=\"fa fa-phone\"><\/i>\u00a0 +39 0864 41139<br \/>\n<i class=\"fa fa-mobile\"><\/i>\u00a0 +39 347 2856697<br \/>\n<i class=\"fa fa-envelope\"><\/i>\u00a0 tavernacaldora@gmail.com<br \/>\n<i class=\"fa fa-desktop\"><\/i><em> <strong>\u00a0 www.tavernacaldora.it<\/strong><\/em>[\/vc_column_text][\/vc_column_inner][\/vc_row_inner][\/vc_column][\/vc_row][vc_row type=&#8221;vc_default&#8221; disable_element=&#8221;yes&#8221;][vc_column][vc_text_separator title=&#8221;Servizi e Turismo&#8221; i_type=&#8221;entypo&#8221; i_icon_entypo=&#8221;entypo-icon entypo-icon-map&#8221; i_color=&#8221;custom&#8221; color=&#8221;custom&#8221; border_width=&#8221;4&#8243; add_icon=&#8221;true&#8221; i_custom_color=&#8221;#bb1726&#8243; accent_color=&#8221;#f5f2eb&#8221;][vc_row_inner][vc_column_inner width=&#8221;1\/6&#8243;][vc_single_image image=&#8221;904&#8243; img_size=&#8221;full&#8221; style=&#8221;vc_box_rounded&#8221;][\/vc_column_inner][vc_column_inner width=&#8221;1\/2&#8243;][vc_column_text css=&#8221;.vc_custom_1483440153532{border-top-width: 1px !important;border-right-width: 1px !important;border-bottom-width: 1px !important;border-left-width: 1px !important;padding-left: 20px !important;background-color: #f5f2eb !important;border-left-color: #f5f2eb !important;border-left-style: solid !important;border-right-color: #f5f2eb !important;border-right-style: solid !important;border-top-color: #f5f2eb !important;border-top-style: solid !important;border-bottom-color: #f5f2eb !important;border-bottom-style: solid !important;border-radius: 4px !important;}&#8221;]<\/p>\n<h4 style=\"text-align: left;\"><span style=\"color: #bb1726;\">Pro Loco e attivit\u00e0 sul territorio<\/span><\/h4>\n<p>[\/vc_column_text][vc_column_text]Nei pressi de La Petra Tonna si trova l&#8217;ex mulino di Pacentro dove da anni Ferdinando De Angelis esercita l\u00b4antica arte dello scalpellino, che in Abruzzo ha prodotto nei secoli i capolavori che si possono ammirare.[\/vc_column_text][\/vc_column_inner][vc_column_inner width=&#8221;2\/6&#8243;][vc_column_text css=&#8221;.vc_custom_1480592945068{border-top-width: 1px !important;border-right-width: 1px !important;border-bottom-width: 1px !important;border-left-width: 1px !important;padding-top: 20px !important;padding-right: 20px !important;padding-bottom: 20px !important;padding-left: 20px !important;border-left-color: #ebebeb !important;border-left-style: solid !important;border-right-color: #ebebeb !important;border-right-style: solid !important;border-top-color: #ebebeb !important;border-top-style: solid !important;border-bottom-color: #ebebeb !important;border-bottom-style: solid !important;border-radius: 5px !important;}&#8221;]<i class=\"fa fa-map-signs\"><\/i>\u00a0 Piazza Umberto I, Pacentro (AQ)<br \/>\n<i class=\"fa fa-phone\"><\/i>\u00a0 +39 0864 41139<br \/>\n<i class=\"fa fa-mobile\"><\/i>\u00a0 +39 347 2856697<br \/>\n<i class=\"fa fa-envelope\"><\/i>\u00a0 tavernacaldora@gmail.com<br \/>\n<i class=\"fa fa-desktop\"><\/i><em> <strong>\u00a0 www.tavernacaldora.it<\/strong><\/em>[\/vc_column_text][\/vc_column_inner][\/vc_row_inner][\/vc_column][\/vc_row]<\/p>\n<\/div>","protected":false},"excerpt":{"rendered":"<p>Colori tra le colline di langa e monferrato<\/p>\n","protected":false},"author":111,"featured_media":102967,"comment_status":"closed","ping_status":"closed","template":"","meta":{"mapsvg_location":"null","footnotes":""},"dt_portfolio_category":[508],"dt_portfolio_tags":[],"class_list":["post-102958","dt_portfolio","type-dt_portfolio","status-publish","has-post-thumbnail","hentry","dt_portfolio_category-piemonte-en","dt_portfolio_category-508","description-off"],"_links":{"self":[{"href":"https:\/\/borghipiubelliditalia.it\/en\/wp-json\/wp\/v2\/dt_portfolio\/102958","targetHints":{"allow":["GET"]}}],"collection":[{"href":"https:\/\/borghipiubelliditalia.it\/en\/wp-json\/wp\/v2\/dt_portfolio"}],"about":[{"href":"https:\/\/borghipiubelliditalia.it\/en\/wp-json\/wp\/v2\/types\/dt_portfolio"}],"author":[{"embeddable":true,"href":"https:\/\/borghipiubelliditalia.it\/en\/wp-json\/wp\/v2\/users\/111"}],"replies":[{"embeddable":true,"href":"https:\/\/borghipiubelliditalia.it\/en\/wp-json\/wp\/v2\/comments?post=102958"}],"version-history":[{"count":8,"href":"https:\/\/borghipiubelliditalia.it\/en\/wp-json\/wp\/v2\/dt_portfolio\/102958\/revisions"}],"predecessor-version":[{"id":112999,"href":"https:\/\/borghipiubelliditalia.it\/en\/wp-json\/wp\/v2\/dt_portfolio\/102958\/revisions\/112999"}],"wp:featuredmedia":[{"embeddable":true,"href":"https:\/\/borghipiubelliditalia.it\/en\/wp-json\/wp\/v2\/media\/102967"}],"wp:attachment":[{"href":"https:\/\/borghipiubelliditalia.it\/en\/wp-json\/wp\/v2\/media?parent=102958"}],"wp:term":[{"taxonomy":"dt_portfolio_category","embeddable":true,"href":"https:\/\/borghipiubelliditalia.it\/en\/wp-json\/wp\/v2\/dt_portfolio_category?post=102958"},{"taxonomy":"dt_portfolio_tags","embeddable":true,"href":"https:\/\/borghipiubelliditalia.it\/en\/wp-json\/wp\/v2\/dt_portfolio_tags?post=102958"}],"curies":[{"name":"wp","href":"https:\/\/api.w.org\/{rel}","templated":true}]}}